{"id":8,"date":"2023-08-02T14:26:45","date_gmt":"2023-08-02T14:26:45","guid":{"rendered":"https:\/\/ceach.org.mx\/ea2023\/?page_id=8"},"modified":"2023-08-28T15:20:53","modified_gmt":"2023-08-28T15:20:53","slug":"home","status":"publish","type":"page","link":"https:\/\/ceach.org.mx\/ea2023\/","title":{"rendered":"Home"},"content":{"rendered":"<p>[et_pb_section fb_built=&#8221;1&#8243; module_id=&#8221;section1&#8243; _builder_version=&#8221;4.21.2&#8243; _module_preset=&#8221;default&#8221; background_enable_image=&#8221;off&#8221; min_height=&#8221;620px&#8221; custom_css_main_element=&#8221;display: none;&#8221; global_colors_info=&#8221;{}&#8221;][et_pb_row column_structure=&#8221;1_5,3_5,1_5&#8243; _builder_version=&#8221;4.21.2&#8243; _module_preset=&#8221;default&#8221; custom_css_main_element=&#8221;width: 100%;||max-width: 90%;&#8221; global_colors_info=&#8221;{}&#8221;][et_pb_column type=&#8221;1_5&#8243; _builder_version=&#8221;4.21.2&#8243; _module_preset=&#8221;default&#8221; global_colors_info=&#8221;{}&#8221;][et_pb_image src=&#8221;https:\/\/ceach.org.mx\/ea2023\/wp-content\/uploads\/2023\/08\/elementos1.png&#8221; title_text=&#8221;elementos1&#8243; disabled_on=&#8221;on|off|off&#8221; _builder_version=&#8221;4.21.2&#8243; _module_preset=&#8221;default&#8221; global_colors_info=&#8221;{}&#8221;][\/et_pb_image][\/et_pb_column][et_pb_column type=&#8221;3_5&#8243; _builder_version=&#8221;4.21.2&#8243; _module_preset=&#8221;default&#8221; global_colors_info=&#8221;{}&#8221;][et_pb_image src=&#8221;https:\/\/ceach.org.mx\/ea2023\/wp-content\/uploads\/2023\/08\/elementos3.png&#8221; title_text=&#8221;elementos3&#8243; _builder_version=&#8221;4.21.2&#8243; _module_preset=&#8221;default&#8221; global_colors_info=&#8221;{}&#8221;][\/et_pb_image][\/et_pb_column][et_pb_column type=&#8221;1_5&#8243; _builder_version=&#8221;4.21.2&#8243; _module_preset=&#8221;default&#8221; global_colors_info=&#8221;{}&#8221;][et_pb_image src=&#8221;https:\/\/ceach.org.mx\/ea2023\/wp-content\/uploads\/2023\/08\/elementos2.png&#8221; title_text=&#8221;elementos2&#8243; disabled_on=&#8221;on|off|off&#8221; _builder_version=&#8221;4.21.2&#8243; _module_preset=&#8221;default&#8221; global_colors_info=&#8221;{}&#8221;][\/et_pb_image][\/et_pb_column][\/et_pb_row][\/et_pb_section][et_pb_section fb_built=&#8221;1&#8243; fullwidth=&#8221;on&#8221; module_id=&#8221;slider-home&#8221; _builder_version=&#8221;4.21.2&#8243; _module_preset=&#8221;default&#8221; custom_padding=&#8221;||||false|false&#8221; global_colors_info=&#8221;{}&#8221;][et_pb_fullwidth_slider use_bg_overlay=&#8221;off&#8221; use_text_overlay=&#8221;off&#8221; arrows_custom_color=&#8221;#000000&#8243; dot_nav_custom_color=&#8221;#000000&#8243; _builder_version=&#8221;4.21.2&#8243; _module_preset=&#8221;default&#8221; custom_padding=&#8221;50px||100px||false|false&#8221; custom_padding_tablet=&#8221;50px||100px||false|false&#8221; custom_padding_phone=&#8221;50px||100px||false|false&#8221; custom_padding_last_edited=&#8221;on|desktop&#8221; auto=&#8221;on&#8221; auto_speed=&#8221;5000&#8243; auto_ignore_hover=&#8221;on&#8221; global_colors_info=&#8221;{}&#8221;][et_pb_slide _builder_version=&#8221;4.21.2&#8243; _module_preset=&#8221;default&#8221; background_color=&#8221;#FFFFFF&#8221; background_enable_color=&#8221;on&#8221; global_colors_info=&#8221;{}&#8221; sticky_transition=&#8221;on&#8221;]<\/p>\n<p><img loading=\"lazy\" decoding=\"async\" src=\"https:\/\/ceach.org.mx\/ea2023\/wp-content\/uploads\/2023\/08\/elementos1.png\" width=\"281\" height=\"495\" alt=\"\" class=\"wp-image-60 alignnone size-full\" \/>\u00a0 \u00a0 \u00a0 \u00a0 \u00a0 \u00a0 \u00a0 \u00a0 \u00a0 \u00a0 \u00a0 \u00a0 <img decoding=\"async\" src=\"https:\/\/ceach.org.mx\/ea2023\/wp-content\/uploads\/2023\/08\/elementos3.png\" width=\"700\" height=\"\" alt=\"\" class=\"wp-image-65 alignnone size-full\" srcset=\"https:\/\/ceach.org.mx\/ea2023\/wp-content\/uploads\/2023\/08\/elementos3.png 2122w, https:\/\/ceach.org.mx\/ea2023\/wp-content\/uploads\/2023\/08\/elementos3-1280x788.png 1280w, https:\/\/ceach.org.mx\/ea2023\/wp-content\/uploads\/2023\/08\/elementos3-980x603.png 980w, https:\/\/ceach.org.mx\/ea2023\/wp-content\/uploads\/2023\/08\/elementos3-480x295.png 480w\" sizes=\"(min-width: 0px) and (max-width: 480px) 480px, (min-width: 481px) and (max-width: 980px) 980px, (min-width: 981px) and (max-width: 1280px) 1280px, (min-width: 1281px) 2122px, 100vw\" \/>\u00a0 \u00a0 \u00a0 \u00a0 \u00a0 .\u00a0 \u00a0 \u00a0 \u00a0 <img loading=\"lazy\" decoding=\"async\" src=\"https:\/\/ceach.org.mx\/ea2023\/wp-content\/uploads\/2023\/08\/elementos2.png\" width=\"275\" height=\"367\" alt=\"\" class=\"wp-image-61 alignnone size-full\" srcset=\"https:\/\/ceach.org.mx\/ea2023\/wp-content\/uploads\/2023\/08\/elementos2-980x1308.png 980w, https:\/\/ceach.org.mx\/ea2023\/wp-content\/uploads\/2023\/08\/elementos2-480x641.png 480w\" sizes=\"auto, (min-width: 0px) and (max-width: 480px) 480px, (min-width: 481px) and (max-width: 980px) 980px, 100vw\" \/><\/p>\n<p>[\/et_pb_slide][et_pb_slide _builder_version=&#8221;4.21.2&#8243; _module_preset=&#8221;default&#8221; background_color=&#8221;#FFFFFF&#8221; background_enable_color=&#8221;on&#8221; background_image=&#8221;https:\/\/ceach.org.mx\/ea2023\/wp-content\/uploads\/2023\/08\/a88056a0-fa61-4884-8eed-c8f411893c5c.png&#8221; background_enable_image=&#8221;on&#8221; background_size=&#8221;contain&#8221; global_colors_info=&#8221;{}&#8221; sticky_transition=&#8221;on&#8221;][\/et_pb_slide][\/et_pb_fullwidth_slider][\/et_pb_section][et_pb_section fb_built=&#8221;1&#8243; _builder_version=&#8221;4.21.2&#8243; _module_preset=&#8221;default&#8221; background_color=&#8221;#f5cb46&#8243; global_colors_info=&#8221;{}&#8221;][et_pb_row _builder_version=&#8221;4.21.2&#8243; _module_preset=&#8221;default&#8221; custom_css_main_element=&#8221;width: 100%;||max-width: 80%;||border-bottom: 1px solid #435937;&#8221; global_colors_info=&#8221;{}&#8221;][et_pb_column type=&#8221;4_4&#8243; _builder_version=&#8221;4.21.2&#8243; _module_preset=&#8221;default&#8221; global_colors_info=&#8221;{}&#8221;][et_pb_text module_id=&#8221;title-section-2&#8243; _builder_version=&#8221;4.21.2&#8243; _module_preset=&#8221;default&#8221; animation_style=&#8221;slide&#8221; animation_direction=&#8221;left&#8221; global_colors_info=&#8221;{}&#8221;]<\/p>\n<h1><span style=\"color: #ffffff;\">\u00bfQU\u00c9 ES EXPOAGRO?<\/span><\/h1>\n<p>[\/et_pb_text][\/et_pb_column][\/et_pb_row][et_pb_row column_structure=&#8221;1_2,1_2&#8243; _builder_version=&#8221;4.21.2&#8243; _module_preset=&#8221;default&#8221; custom_margin=&#8221;20px||||false|false&#8221; custom_css_main_element=&#8221;width: 100%;||max-width: 80%;&#8221; global_colors_info=&#8221;{}&#8221;][et_pb_column type=&#8221;1_2&#8243; _builder_version=&#8221;4.21.2&#8243; _module_preset=&#8221;default&#8221; global_colors_info=&#8221;{}&#8221;][et_pb_image src=&#8221;https:\/\/ceach.org.mx\/ea2023\/wp-content\/uploads\/2023\/08\/elementos-07.png&#8221; title_text=&#8221;elementos-07&#8243; _builder_version=&#8221;4.21.2&#8243; _module_preset=&#8221;default&#8221; animation_style=&#8221;slide&#8221; global_colors_info=&#8221;{}&#8221;][\/et_pb_image][\/et_pb_column][et_pb_column type=&#8221;1_2&#8243; _builder_version=&#8221;4.21.2&#8243; _module_preset=&#8221;default&#8221; global_colors_info=&#8221;{}&#8221;][et_pb_text module_id=&#8221;text-section-2&#8243; _builder_version=&#8221;4.21.2&#8243; _module_preset=&#8221;default&#8221; animation_style=&#8221;fade&#8221; global_colors_info=&#8221;{}&#8221;]<\/p>\n<div class=\"page\" title=\"Page 1\">\n<div class=\"section\">\n<div class=\"layoutArea\">\n<div class=\"column\">\n<p><span>Es un evento que busca reunir a los <\/span><span><strong>principales actores del sector agr\u00edcola, ganadero, agroindustrial y prestadores de servicio<\/strong>, <\/span><span>no s\u00f3lo del estado de Chihuahua, sino de la regi\u00f3n norte del Pa\u00eds, generando as\u00ed un intercambio de ideas, oportuni- dades, experiencias, an\u00e1lisis, alian- zas estrat\u00e9gicas, conocimiento y tecnolog\u00eda. <\/span><\/p>\n<\/div>\n<\/div>\n<\/div>\n<\/div>\n<p>[\/et_pb_text][\/et_pb_column][\/et_pb_row][\/et_pb_section][et_pb_section fb_built=&#8221;1&#8243; _builder_version=&#8221;4.21.2&#8243; _module_preset=&#8221;default&#8221; global_colors_info=&#8221;{}&#8221;][et_pb_row module_id=&#8221;Programa&#8221; _builder_version=&#8221;4.21.2&#8243; _module_preset=&#8221;default&#8221; custom_css_main_element=&#8221;width: 100%;||max-width: 80%;||border-bottom: 1px solid black;&#8221; global_colors_info=&#8221;{}&#8221;][et_pb_column type=&#8221;4_4&#8243; _builder_version=&#8221;4.21.2&#8243; _module_preset=&#8221;default&#8221; global_colors_info=&#8221;{}&#8221;][et_pb_text module_id=&#8221;title-section-3&#8243; _builder_version=&#8221;4.21.2&#8243; _module_preset=&#8221;default&#8221; animation_style=&#8221;slide&#8221; animation_direction=&#8221;left&#8221; global_colors_info=&#8221;{}&#8221;]<\/p>\n<h1><span>PROGRAMA 2023<\/span><\/h1>\n<p>[\/et_pb_text][\/et_pb_column][\/et_pb_row][et_pb_row column_structure=&#8221;1_5,3_5,1_5&#8243; module_id=&#8221;elements-section-3&#8243; _builder_version=&#8221;4.21.2&#8243; _module_preset=&#8221;default&#8221; custom_css_main_element=&#8221;width: 100%;||max-width: 90%;&#8221; global_colors_info=&#8221;{}&#8221;][et_pb_column type=&#8221;1_5&#8243; module_id=&#8221;c1-section-3&#8243; _builder_version=&#8221;4.21.2&#8243; _module_preset=&#8221;default&#8221; global_colors_info=&#8221;{}&#8221;][et_pb_image src=&#8221;https:\/\/ceach.org.mx\/ea2023\/wp-content\/uploads\/2023\/08\/elementos5-1.png&#8221; title_text=&#8221;elementos5&#8243; module_id=&#8221;points-section-3&#8243; _builder_version=&#8221;4.21.2&#8243; _module_preset=&#8221;default&#8221; global_colors_info=&#8221;{}&#8221;][\/et_pb_image][\/et_pb_column][et_pb_column type=&#8221;3_5&#8243; module_id=&#8221;c2-section-3&#8243; _builder_version=&#8221;4.21.2&#8243; _module_preset=&#8221;default&#8221; global_colors_info=&#8221;{}&#8221;][et_pb_tabs module_id=&#8221;tabs-section-3&#8243; _builder_version=&#8221;4.21.2&#8243; _module_preset=&#8221;default&#8221; animation_style=&#8221;flip&#8221; animation_duration=&#8221;900ms&#8221; global_colors_info=&#8221;{}&#8221;][et_pb_tab title=&#8221;31 de Agosto&#8221; _builder_version=&#8221;4.21.2&#8243; _module_preset=&#8221;default&#8221; global_colors_info=&#8221;{}&#8221;]<\/p>\n<p><img loading=\"lazy\" decoding=\"async\" src=\"https:\/\/ceach.org.mx\/ea2023\/wp-content\/uploads\/2023\/08\/2.png\" width=\"1492\" height=\"946\" alt=\"\" class=\"wp-image-269 alignnone size-full\" srcset=\"https:\/\/ceach.org.mx\/ea2023\/wp-content\/uploads\/2023\/08\/2.png 1492w, https:\/\/ceach.org.mx\/ea2023\/wp-content\/uploads\/2023\/08\/2-1280x812.png 1280w, https:\/\/ceach.org.mx\/ea2023\/wp-content\/uploads\/2023\/08\/2-980x621.png 980w, https:\/\/ceach.org.mx\/ea2023\/wp-content\/uploads\/2023\/08\/2-480x304.png 480w\" sizes=\"auto, (min-width: 0px) and (max-width: 480px) 480px, (min-width: 481px) and (max-width: 980px) 980px, (min-width: 981px) and (max-width: 1280px) 1280px, (min-width: 1281px) 1492px, 100vw\" \/><\/p>\n<p>[\/et_pb_tab][et_pb_tab title=&#8221;1ro de Septiembre&#8221; _builder_version=&#8221;4.21.2&#8243; _module_preset=&#8221;default&#8221; global_colors_info=&#8221;{}&#8221;]<\/p>\n<p><img loading=\"lazy\" decoding=\"async\" src=\"https:\/\/ceach.org.mx\/ea2023\/wp-content\/uploads\/2023\/08\/3.jpg\" width=\"1502\" height=\"1686\" alt=\"\" class=\"wp-image-270 alignnone size-full\" srcset=\"https:\/\/ceach.org.mx\/ea2023\/wp-content\/uploads\/2023\/08\/3.jpg 1502w, https:\/\/ceach.org.mx\/ea2023\/wp-content\/uploads\/2023\/08\/3-1280x1437.jpg 1280w, https:\/\/ceach.org.mx\/ea2023\/wp-content\/uploads\/2023\/08\/3-980x1100.jpg 980w, https:\/\/ceach.org.mx\/ea2023\/wp-content\/uploads\/2023\/08\/3-480x539.jpg 480w\" sizes=\"auto, (min-width: 0px) and (max-width: 480px) 480px, (min-width: 481px) and (max-width: 980px) 980px, (min-width: 981px) and (max-width: 1280px) 1280px, (min-width: 1281px) 1502px, 100vw\" \/><\/p>\n<p>[\/et_pb_tab][\/et_pb_tabs][\/et_pb_column][et_pb_column type=&#8221;1_5&#8243; module_id=&#8221;c2-section-3&#8243; _builder_version=&#8221;4.21.2&#8243; _module_preset=&#8221;default&#8221; global_colors_info=&#8221;{}&#8221;][et_pb_image src=&#8221;https:\/\/ceach.org.mx\/ea2023\/wp-content\/uploads\/2023\/08\/elementos-08-197&#215;1024.png&#8221; title_text=&#8221;elementos-08&#8243; module_id=&#8221;maiz-section-3&#8243; _builder_version=&#8221;4.21.2&#8243; _module_preset=&#8221;default&#8221; global_colors_info=&#8221;{}&#8221;][\/et_pb_image][\/et_pb_column][\/et_pb_row][\/et_pb_section][et_pb_section fb_built=&#8221;1&#8243; module_id=&#8221;Plano&#8221; _builder_version=&#8221;4.21.2&#8243; _module_preset=&#8221;default&#8221; background_image=&#8221;https:\/\/ceach.org.mx\/ea2023\/wp-content\/uploads\/2023\/08\/Fondo-27.png&#8221; custom_margin=&#8221;0px||0px||false|false&#8221; custom_padding=&#8221;0px||0px||false|false&#8221; global_colors_info=&#8221;{}&#8221;][et_pb_row column_structure=&#8221;2_5,3_5&#8243; module_id=&#8221;elements-section-4&#8243; _builder_version=&#8221;4.21.2&#8243; _module_preset=&#8221;default&#8221; custom_padding=&#8221;0px||0px||false|false&#8221; custom_css_main_element=&#8221;width: 100%;||max-width: 80%;&#8221; global_colors_info=&#8221;{}&#8221;][et_pb_column type=&#8221;2_5&#8243; module_id=&#8221;c1-section-4&#8243; _builder_version=&#8221;4.21.2&#8243; _module_preset=&#8221;default&#8221; global_colors_info=&#8221;{}&#8221;][et_pb_text module_id=&#8221;title-section-3&#8243; _builder_version=&#8221;4.21.2&#8243; _module_preset=&#8221;default&#8221; custom_margin=&#8221;||25px|||&#8221; custom_padding=&#8221;60px||20px||false|false&#8221; animation_style=&#8221;slide&#8221; animation_direction=&#8221;left&#8221; custom_css_main_element=&#8221;border-bottom: 1px solid white;&#8221; global_colors_info=&#8221;{}&#8221;]<\/p>\n<h1><span>PLANO<\/span><\/h1>\n<p>[\/et_pb_text][et_pb_text module_id=&#8221;text-section-4&#8243; _builder_version=&#8221;4.21.2&#8243; _module_preset=&#8221;default&#8221; animation_style=&#8221;fade&#8221; global_colors_info=&#8221;{}&#8221;]<\/p>\n<div class=\"page\" title=\"Page 1\">\n<div class=\"section\">\n<div class=\"layoutArea\">\n<div class=\"column\">\n<p><span style=\"color: #ffffff;\">Eres productor y te interesa promover y comercializar tus productos? Aparta tu stand en la EXPO AGRO 2023 y HAZ CRECER TU NEGOCIO <\/span><\/p>\n<\/div>\n<\/div>\n<\/div>\n<\/div>\n<p>[\/et_pb_text][et_pb_code module_class=&#8221;btn-precios&#8221; _builder_version=&#8221;4.21.2&#8243; _module_preset=&#8221;default&#8221; custom_css_main_element=&#8221;cursor: pointer;&#8221; global_colors_info=&#8221;{}&#8221;]<\/p>\n<div class=\"btn-form-ceach\"><!-- [et_pb_line_break_holder] -->\t<span style=\"border-right: 50px solid #97be58;\" class=\"pico-1\"><\/span><!-- [et_pb_line_break_holder] -->\t<button style=\"background: #97be58;\" class=\"bnt-forma-ceach-2\">CONSULTA NUESTROS PRECIOS<\/button><!-- [et_pb_line_break_holder] -->\t<span style=\"border-left: 50px solid #97be58;\" class=\"pico-2\"><\/span><!-- [et_pb_line_break_holder] --><\/div>\n<p>[\/et_pb_code][\/et_pb_column][et_pb_column type=&#8221;3_5&#8243; module_id=&#8221;c2-section-4&#8243; _builder_version=&#8221;4.21.2&#8243; _module_preset=&#8221;default&#8221; global_colors_info=&#8221;{}&#8221;][et_pb_image src=&#8221;https:\/\/ceach.org.mx\/ea2023\/wp-content\/uploads\/2023\/08\/plano.jpg&#8221; title_text=&#8221;plano&#8221; _builder_version=&#8221;4.21.2&#8243; _module_preset=&#8221;default&#8221; animation_style=&#8221;bounce&#8221; global_colors_info=&#8221;{}&#8221;][\/et_pb_image][\/et_pb_column][\/et_pb_row][\/et_pb_section][et_pb_section fb_built=&#8221;1&#8243; _builder_version=&#8221;4.21.2&#8243; _module_preset=&#8221;default&#8221; background_image=&#8221;https:\/\/ceach.org.mx\/ea2023\/wp-content\/uploads\/2023\/08\/elementos-09.png&#8221; global_colors_info=&#8221;{}&#8221;][et_pb_row module_id=&#8221;Conferencistas&#8221; _builder_version=&#8221;4.21.2&#8243; _module_preset=&#8221;default&#8221; custom_css_main_element=&#8221;width: 100%;||max-width: 80%;||border-bottom: 1px solid black;&#8221; global_colors_info=&#8221;{}&#8221;][et_pb_column type=&#8221;4_4&#8243; _builder_version=&#8221;4.21.2&#8243; _module_preset=&#8221;default&#8221; global_colors_info=&#8221;{}&#8221;][et_pb_text module_id=&#8221;title-section-3&#8243; module_class=&#8221;title-section-5&#8243; _builder_version=&#8221;4.21.2&#8243; _module_preset=&#8221;default&#8221; animation_style=&#8221;slide&#8221; animation_direction=&#8221;left&#8221; global_colors_info=&#8221;{}&#8221;]<\/p>\n<h1><span>CONFERENCISTAS<\/span><\/h1>\n<p>[\/et_pb_text][\/et_pb_column][\/et_pb_row][et_pb_row column_structure=&#8221;1_6,1_6,1_6,1_6,1_6,1_6&#8243; module_id=&#8221;row-section-5&#8243; _builder_version=&#8221;4.21.2&#8243; _module_preset=&#8221;default&#8221; custom_css_main_element=&#8221;width: 100%;||max-width: 80%;||border-bottom: 1px solid black;&#8221; global_colors_info=&#8221;{}&#8221;][et_pb_column type=&#8221;1_6&#8243; module_class=&#8221;row-item-section-5&#8243; _builder_version=&#8221;4.21.2&#8243; _module_preset=&#8221;default&#8221; global_colors_info=&#8221;{}&#8221;][et_pb_blurb title=&#8221;Lic. Alfonso Lechuga de la Pe\u00f1a&#8221; image=&#8221;https:\/\/ceach.org.mx\/ea2023\/wp-content\/uploads\/2023\/08\/licl-alfonso-lechuga.jpg&#8221; image_icon_width=&#8221;100%&#8221; image_icon_width_tablet=&#8221;100%&#8221; image_icon_width_phone=&#8221;100%&#8221; image_icon_width_last_edited=&#8221;on|desktop&#8221; module_class=&#8221;item-conferencista&#8221; _builder_version=&#8221;4.21.2&#8243; _module_preset=&#8221;default&#8221; background_color=&#8221;#f5cb46&#8243; custom_padding=&#8221;20px|20px|20px|20px|false|false&#8221; global_colors_info=&#8221;{}&#8221;]<\/p>\n<p><span style=\"color: #000000; font-family: SofiaProRegular; font-size: 1.1em;\"> Gerente de Relaciones Institucionales de Grupo Bafar,<br \/>una de las principales empresas del sector agroalimentario de M\u00e9xico, Presidente del Consejo Estatal Agropecuario de Chihuahua, A.C. por el per\u00edodo 2018-2022, actualmente es el l\u00edder del \u00e1rea de AGROINDUSTRIA Y ALIMENTACI\u00d3N AVANZADA<br \/>de la iniciativa Chihuahua Futura la cual tiene como objetivo impulsar el crecimiento sostenible de la ciudad y mejorar la calidad de vida de sus habitantes a trav\u00e9s de la innovaci\u00f3n y la tecnolog\u00eda.<\/span><\/p>\n<p>[\/et_pb_blurb][\/et_pb_column][et_pb_column type=&#8221;1_6&#8243; module_class=&#8221;row-item-section-5&#8243; _builder_version=&#8221;4.21.2&#8243; _module_preset=&#8221;default&#8221; global_colors_info=&#8221;{}&#8221;][et_pb_blurb title=&#8221;Ing. Francisco Xavier Vald\u00e9s&#8221; image=&#8221;https:\/\/ceach.org.mx\/ea2023\/wp-content\/uploads\/2023\/08\/fotos-03-min.png&#8221; module_class=&#8221;item-conferencista&#8221; _builder_version=&#8221;4.21.2&#8243; _module_preset=&#8221;default&#8221; background_color=&#8221;#f5cb46&#8243; custom_padding=&#8221;20px|20px|20px|20px|false|false&#8221; global_colors_info=&#8221;{}&#8221;]<\/p>\n<p><span style=\"color: #000000; font-family: SofiaProRegular; font-size: 1.1em;\">Ingeniero por el Tecnol\u00f3gico de Monterrey<\/span><\/p>\n<p><span style=\"color: #000000; font-family: SofiaProRegular; font-size: 1.1em;\">Especialista en mec\u00e1nica de fluidos y sustentabilidad por la Universidad de Delaware<br \/>Investigaciones:<\/span><\/p>\n<p><span style=\"color: #000000; font-family: SofiaProRegular; font-size: 1.1em;\">Investigaciones:<\/span><\/p>\n<p><span style=\"color: #000000; font-family: SofiaProRegular; font-size: 1.1em;\">&#8211; Creador del Sistema de Riego m\u00e1s eficiente de riego del pa\u00eds<br \/>&#8211; Desarrollador de la tecnolog\u00eda de Bio-Reactores Multi-Media (MMBR), Plantas Org\u00e1nicas de Recuperaci\u00f3n de Recursos de Aguas Residuales, galardonada con el Premio de Innovaci\u00f3n Ciencia y Tecnolog\u00eda en Jalisco 2020.<br \/>&#8211; Desarrollador de la Metodolog\u00eda de Sustentabilidad Hol\u00edstica para maximizar la vida y condiciones de los acu\u00edferos y el medio ambiente.<\/span><\/p>\n<div class=\"btn-form-ceach\"><span style=\"border-right: 50px solid #A65217;\" class=\"pico-1\"><\/span><button style=\"background: #A65217;\" class=\"bnt-forma-ceach\">DESCARGAR PRESENTACI\u00d3N<\/button><span style=\"border-left: 50px solid #A65217;\" class=\"pico-2\"><\/span><\/div>\n<p>[\/et_pb_blurb][\/et_pb_column][et_pb_column type=&#8221;1_6&#8243; module_class=&#8221;row-item-section-5&#8243; _builder_version=&#8221;4.21.2&#8243; _module_preset=&#8221;default&#8221; global_colors_info=&#8221;{}&#8221;][et_pb_blurb title=&#8221;Act. Jes\u00fas Alan Elizondo&#8221; image=&#8221;https:\/\/ceach.org.mx\/ea2023\/wp-content\/uploads\/2023\/08\/fotos-04-min.png&#8221; module_class=&#8221;item-conferencista&#8221; _builder_version=&#8221;4.21.2&#8243; _module_preset=&#8221;default&#8221; background_color=&#8221;#f5cb46&#8243; custom_padding=&#8221;20px|20px|20px|20px|false|false&#8221; global_colors_info=&#8221;{}&#8221;]<span style=\"color: #000000; font-family: SofiaProRegular; font-size: 1.1em;\">Direcci\u00f3n General de FIRA<\/span><\/p>\n<p><span style=\"color: #000000; font-family: SofiaProRegular; font-size: 1.1em;\">Licenciado en Actuaria por el Instituto Tecnol\u00f3gico Aut\u00f3nomo de M\u00e9xico (ITAM), y Maestro en Finanzas y Econom\u00eda por el London School of Economics.<\/span><\/p>\n<p><span style=\"color: #000000; font-family: SofiaProRegular; font-size: 1.1em;\">1994 a 2001 Subgerente de Riesgos y Subgerente de Banca de Desarrollo dentro de Banco de M\u00e9xico.<\/span><\/p>\n<p><span style=\"color: #000000; font-family: SofiaProRegular; font-size: 1.1em;\">2001 al 2002 Director General Adjunto de Finanzas en FOVI, Banco de M\u00e9xico y particip\u00f3 en la creaci\u00f3n de SHF.<\/span><\/p>\n<p><span style=\"color: #000000; font-family: SofiaProRegular; font-size: 1.1em;\">2002 al 2007 Director General Adjunto de Riesgos en Sociedad Hipotecaria Federal, S.N.C.<\/span><\/p>\n<p><span style=\"color: #000000; font-family: SofiaProRegular; font-size: 1.1em;\">2007 al 2008 Director General Adjunto de Operaciones Crediticias en Sociedad Hipotecaria Federal, S.N.C.<\/span><\/p>\n<p><span style=\"color: #000000; font-family: SofiaProRegular; font-size: 1.1em;\">2008 al 2013 Vicepresidente T\u00e9cnico de la Comisi\u00f3n Nacional Bancaria y de Valores supervisando el riesgo sist\u00e9mico. A partir del 1 de febrero de 2013, fue designado como Director General de Asuntos del Sistema Financiero en Banco de M\u00e9xico.<\/span><\/p>\n<p><span style=\"color: #000000; font-family: SofiaProRegular; font-size: 1.1em;\">A partir del 17 de julio fue designado como Director General de FIRA<\/span><\/p>\n<div class=\"btn-form-ceach\"><span style=\"border-right: 50px solid #A65217;\" class=\"pico-1\"><\/span><button style=\"background: #A65217;\" class=\"bnt-forma-ceach\">DESCARGAR PRESENTACI\u00d3N<\/button><span style=\"border-left: 50px solid #A65217;\" class=\"pico-2\"><\/span><\/div>\n<p>[\/et_pb_blurb][\/et_pb_column][et_pb_column type=&#8221;1_6&#8243; module_class=&#8221;row-item-section-5&#8243; _builder_version=&#8221;4.21.2&#8243; _module_preset=&#8221;default&#8221; global_colors_info=&#8221;{}&#8221;][et_pb_blurb title=&#8221;Dr. Socorro H\u00e9ctor Tarango Rivero&#8221; image=&#8221;https:\/\/ceach.org.mx\/ea2023\/wp-content\/uploads\/2023\/08\/fotos-05-min.png&#8221; module_class=&#8221;item-conferencista&#8221; _builder_version=&#8221;4.21.2&#8243; _module_preset=&#8221;default&#8221; background_color=&#8221;#f5cb46&#8243; custom_padding=&#8221;20px|20px|20px|20px|false|false&#8221; global_colors_info=&#8221;{}&#8221;]<\/p>\n<p><span style=\"color: #000000; font-family: SofiaProRegular; font-size: 1.1em;\">Ingeniero fruticultor, Maestr\u00eda en Productividad frut\u00edcola por la Universidad Aut\u00f3noma de Chihuahua.<\/span><br \/><span style=\"color: #000000; font-family: SofiaProRegular; font-size: 1.1em;\">Miembro de Sociedad Mexicana de Control Biol\u00f3gico<\/span><br \/><span style=\"color: #000000; font-family: SofiaProRegular; font-size: 1.1em;\">Southwestern Entomological Society<\/span><br \/><span style=\"color: #000000; font-family: SofiaProRegular; font-size: 1.1em;\">Investigaci\u00f3n aplicada en los cultivos de nogal pecanero y pistachero, en el Campo Experimental Delicias del Instituto Nacional de Investigaciones Forestales, Agr\u00edcolas y Pecuarias, de 1985 a la fecha.<\/span><\/p>\n<div class=\"btn-form-ceach\"><span style=\"border-right: 50px solid #A65217;\" class=\"pico-1\"><\/span><button style=\"background: #A65217;\" class=\"bnt-forma-ceach\">DESCARGAR PRESENTACI\u00d3N<\/button><span style=\"border-left: 50px solid #A65217;\" class=\"pico-2\"><\/span><\/div>\n<p>[\/et_pb_blurb][\/et_pb_column][et_pb_column type=&#8221;1_6&#8243; module_class=&#8221;row-item-section-5&#8243; _builder_version=&#8221;4.21.2&#8243; _module_preset=&#8221;default&#8221; global_colors_info=&#8221;{}&#8221;][et_pb_blurb title=&#8221;Dr. Jos\u00e9 Alfredo Rodr\u00edguez-Pineda&#8221; image=&#8221;https:\/\/ceach.org.mx\/ea2023\/wp-content\/uploads\/2023\/08\/fotos-06-min.png&#8221; module_class=&#8221;item-conferencista&#8221; _builder_version=&#8221;4.21.2&#8243; _module_preset=&#8221;default&#8221; background_color=&#8221;#f5cb46&#8243; custom_padding=&#8221;20px|20px|20px|20px|false|false&#8221; global_colors_info=&#8221;{}&#8221;]<span style=\"color: #000000; font-family: SofiaProRegular; font-size: 1.1em;\">Doctor of Philosophy (Ph.D.), Hidrogeolog\u00eda \u00b7 (1995 &#8211; 2000) Universidad de Texas en El Paso&nbsp;&nbsp;&nbsp;&nbsp;&nbsp;&nbsp;&nbsp;&nbsp;&nbsp;&nbsp;&nbsp;&nbsp;&nbsp;&nbsp;&nbsp;&nbsp;&nbsp;&nbsp;&nbsp;&nbsp;&nbsp;&nbsp;&nbsp;&nbsp;&nbsp;&nbsp;&nbsp;&nbsp;&nbsp;&nbsp;&nbsp;&nbsp;&nbsp;&nbsp;&nbsp;&nbsp;&nbsp;&nbsp;&nbsp;&nbsp;&nbsp;&nbsp;&nbsp;&nbsp;&nbsp;&nbsp;&nbsp;&nbsp;&nbsp;&nbsp;&nbsp;&nbsp;&nbsp;&nbsp;&nbsp;&nbsp;&nbsp;&nbsp;&nbsp;&nbsp;&nbsp;&nbsp;&nbsp;&nbsp;&nbsp;&nbsp;&nbsp;&nbsp;&nbsp;&nbsp;&nbsp;&nbsp;&nbsp;&nbsp;&nbsp;&nbsp;&nbsp;&nbsp;&nbsp;&nbsp;&nbsp;&nbsp;&nbsp;&nbsp;&nbsp;&nbsp;&nbsp;&nbsp;&nbsp;&nbsp;&nbsp;&nbsp;&nbsp;&nbsp;&nbsp;&nbsp;&nbsp;&nbsp;&nbsp;&nbsp;&nbsp;&nbsp;&nbsp;&nbsp;&nbsp;&nbsp;&nbsp;&nbsp;&nbsp;&nbsp;&nbsp;&nbsp;&nbsp;&nbsp;&nbsp;&nbsp;&nbsp;&nbsp;&nbsp;&nbsp;&nbsp;&nbsp;&nbsp;&nbsp;&nbsp;&nbsp;&nbsp;&nbsp;&nbsp;&nbsp;&nbsp;&nbsp;&nbsp;&nbsp;&nbsp;&nbsp;&nbsp;&nbsp;&nbsp;&nbsp;&nbsp;&nbsp;&nbsp;&nbsp;&nbsp;&nbsp;&nbsp;&nbsp;&nbsp;&nbsp;&nbsp;&nbsp;&nbsp;&nbsp;&nbsp;&nbsp;&nbsp;&nbsp;&nbsp;&nbsp;&nbsp;&nbsp;&nbsp;&nbsp;&nbsp;&nbsp;&nbsp;&nbsp;&nbsp;&nbsp;&nbsp;&nbsp;&nbsp;&nbsp;&nbsp;&nbsp;&nbsp;&nbsp;&nbsp;&nbsp;&nbsp;&nbsp;&nbsp;<\/span><br \/>\n<span style=\"color: #000000; font-family: SofiaProRegular; font-size: 1.1em;\">Experiencia profesional<\/span><br \/>\n<span style=\"color: #000000; font-family: SofiaProRegular; font-size: 1.1em;\">Febrero de 2000 &#8211; febrero de 2006 Investigador en el Instituto de Ecolog\u00eda<\/span><br \/>\n<span style=\"color: #000000; font-family: SofiaProRegular; font-size: 1.1em;\">Febrero de 2010 \u2013 Presente Coordinador de Programa Agua en WWF M\u00e9xico<\/span><\/p>\n<div class=\"btn-form-ceach\"><span style=\"border-right: 50px solid #A65217;\" class=\"pico-1\"><\/span><button style=\"background: #A65217;\" class=\"bnt-forma-ceach\">DESCARGAR PRESENTACI\u00d3N<\/button><span style=\"border-left: 50px solid #A65217;\" class=\"pico-2\"><\/span><\/div>\n<p>[\/et_pb_blurb][\/et_pb_column][et_pb_column type=&#8221;1_6&#8243; module_class=&#8221;row-item-section-5&#8243; _builder_version=&#8221;4.21.2&#8243; _module_preset=&#8221;default&#8221; global_colors_info=&#8221;{}&#8221;][\/et_pb_column][\/et_pb_row][et_pb_row column_structure=&#8221;1_5,1_5,1_5,1_5,1_5&#8243; module_id=&#8221;row-section-5&#8243; _builder_version=&#8221;4.21.2&#8243; _module_preset=&#8221;default&#8221; custom_css_main_element=&#8221;width: 100%;||max-width: 80%;||border-bottom: 1px solid black;&#8221; global_colors_info=&#8221;{}&#8221;][et_pb_column type=&#8221;1_5&#8243; module_class=&#8221;row-item-section-5&#8243; _builder_version=&#8221;4.21.2&#8243; _module_preset=&#8221;default&#8221; global_colors_info=&#8221;{}&#8221;][et_pb_blurb title=&#8221;Dr. Jaime Parada \u00c1vila&#8221; image=&#8221;https:\/\/ceach.org.mx\/ea2023\/wp-content\/uploads\/2023\/08\/dr-jaime-parada-avila.png&#8221; module_class=&#8221;item-conferencista&#8221; _builder_version=&#8221;4.21.2&#8243; _module_preset=&#8221;default&#8221; background_color=&#8221;#f5cb46&#8243; custom_padding=&#8221;20px|20px|20px|20px|false|false&#8221; global_colors_info=&#8221;{}&#8221;]<span style=\"color: #000000; font-family: SofiaProRegular; font-size: 1.1em;\">Doctor en Ingenier\u00eda por la Universidad de Sheffield, Inglaterra. <\/span><\/p>\n<p><span style=\"color: #000000; font-family: SofiaProRegular; font-size: 1.1em;\">Por m\u00e1s de 38 a\u00f1os ha estado involucrado en las \u00e1reas de: Direcci\u00f3n de Negocios,<br \/>\nDirecci\u00f3n de Centros e Instituciones de Investigaci\u00f3n, Direcci\u00f3n de Firmas de Ingenier\u00eda y Consultor\u00eda, Desarrollo de Nuevos Productos, Estrategias Tecnol\u00f3gicas y Programas de Investigaci\u00f3n,<br \/>\nPlaneaci\u00f3n Estrat\u00e9gica en Educaci\u00f3n, Ciencia y Tecnolog\u00eda, Promoci\u00f3n de Negocios Basados en la Innovaci\u00f3n, Educaci\u00f3n Superior y de Postgrado.<\/span><br \/>\n<span style=\"color: #000000; font-family: SofiaProRegular; font-size: 1.1em;\">2007 a la fecha: Director General del Instituto de Innovaci\u00f3n y Transferencia de Tecnolog\u00eda del Gobierno del Estado de Nuevo Le\u00f3n.<\/span><br \/>\n<span style=\"color: #000000; font-family: SofiaProRegular; font-size: 1.1em;\">Miembro del Consejo de 7 Centros CONACYT en las \u00e1reas de mecatr\u00f3nica, biotecnolog\u00eda, materiales avanzados, energ\u00eda, agua y manufactura.<\/span><\/p>\n<div class=\"btn-form-ceach\"><span style=\"border-right: 50px solid #A65217;\" class=\"pico-1\"><\/span><button style=\"background: #A65217;\" class=\"bnt-forma-ceach\">DESCARGAR PRESENTACI\u00d3N<\/button><span style=\"border-left: 50px solid #A65217;\" class=\"pico-2\"><\/span><\/div>\n<p>[\/et_pb_blurb][\/et_pb_column][et_pb_column type=&#8221;1_5&#8243; module_class=&#8221;row-item-section-5&#8243; _builder_version=&#8221;4.21.2&#8243; _module_preset=&#8221;default&#8221; global_colors_info=&#8221;{}&#8221;][et_pb_blurb title=&#8221;Dr. Juan Jos\u00e9 Figueroa&#8221; image=&#8221;https:\/\/ceach.org.mx\/ea2023\/wp-content\/uploads\/2023\/08\/dr-juan-jose-figueroa-gonzalez-300&#215;228.png&#8221; module_id=&#8221;item-conf-7&#8243; module_class=&#8221;item-conferencista&#8221; _builder_version=&#8221;4.21.2&#8243; _module_preset=&#8221;default&#8221; background_color=&#8221;#f5cb46&#8243; custom_padding=&#8221;20px|20px|20px|20px|false|false&#8221; global_colors_info=&#8221;{}&#8221;]<\/p>\n<p><span style=\"color: #000000; font-family: SofiaProRegular; font-size: 1.1em;\">Experiencia profesional<\/span><br \/><span style=\"color: #000000; font-family: SofiaProRegular; font-size: 1.1em;\">-Desarrollo de harinas compuestas de legumbres-cereales para la<br \/>producci\u00f3n de alimentos con calidad proteica y funcional.<br \/>-Desarrollo de tecnolog\u00edas agroalimentarias a base de frijol.<br \/>-Desarrollo de tecnolog\u00edas agroalimentarias a base de ajo.<br \/>-Desarrollo de tecnolog\u00edas agroalimentarias a base de nopal.<br \/>-Desarrollo de licores de frutas por el m\u00e9todo hidroalcoh\u00f3lico.<br \/>-Aislado y modificaci\u00f3n de prote\u00edna y almid\u00f3n de granos y cereales para<br \/>la mejora de sus propiedades tecnofuncionales.<br \/>-Desarrollo de cubiertas comestibles y su aplicaci\u00f3n en frutas para<br \/>alargar su vida de anaquel.<br \/>-Procesamiento de frutas y hortalizas para generar valor agregado a<br \/>trav\u00e9s del desarrollo de diferentes tecnolog\u00edas de alimentos.<br \/>-Capacidad para el desarrollo de cursos-talleres de tecnolog\u00edas de<br \/>alimentos a productores, t\u00e9cnicos, estudiantes e interesados.<\/span><\/p>\n<div class=\"btn-form-ceach\"><span style=\"border-right: 50px solid #A65217;\" class=\"pico-1\"><\/span><button style=\"background: #A65217;\" class=\"bnt-forma-ceach\">DESCARGAR PRESENTACI\u00d3N<\/button><span style=\"border-left: 50px solid #A65217;\" class=\"pico-2\"><\/span><\/div>\n<p>[\/et_pb_blurb][\/et_pb_column][et_pb_column type=&#8221;1_5&#8243; module_class=&#8221;row-item-section-5&#8243; _builder_version=&#8221;4.21.2&#8243; _module_preset=&#8221;default&#8221; global_colors_info=&#8221;{}&#8221;][et_pb_blurb title=&#8221;Erick Guerrero Rosas&#8221; image=&#8221;https:\/\/ceach.org.mx\/ea2023\/wp-content\/uploads\/2023\/08\/Erick-guerrero-rosas.png&#8221; module_id=&#8221;item-conf-8&#8243; module_class=&#8221;item-conferencista&#8221; _builder_version=&#8221;4.21.2&#8243; _module_preset=&#8221;default&#8221; background_color=&#8221;#f5cb46&#8243; custom_padding=&#8221;20px|20px|20px|20px|false|false&#8221; global_colors_info=&#8221;{}&#8221;]<\/p>\n<p><span style=\"color: #000000; font-family: SofiaProRegular; font-size: 1.1em;\">Es uno de los analistas m\u00e1s acertados y reconocidos del pa\u00eds. Conferencista en foros acad\u00e9micos, pol\u00edticos y empresariales, fue destacado por la revista Asesores como el \u201cAsesor Estrat\u00e9gico del a\u00f1o 2020\u201d y por la revista Forbes como uno de los m\u00e1s influyentes de 2015 a la fecha en Twitter.<\/span><\/p>\n<div class=\"btn-form-ceach\"><span style=\"border-right: 50px solid #A65217;\" class=\"pico-1\"><\/span><button style=\"background: #A65217;\" class=\"bnt-forma-ceach\">DESCARGAR PRESENTACI\u00d3N<\/button><span style=\"border-left: 50px solid #A65217;\" class=\"pico-2\"><\/span><\/div>\n<p>[\/et_pb_blurb][\/et_pb_column][et_pb_column type=&#8221;1_5&#8243; module_class=&#8221;row-item-section-5&#8243; _builder_version=&#8221;4.21.2&#8243; _module_preset=&#8221;default&#8221; global_colors_info=&#8221;{}&#8221;][et_pb_blurb title=&#8221;Ing. Mario Puente Raya&#8221; image=&#8221;https:\/\/ceach.org.mx\/ea2023\/wp-content\/uploads\/2023\/08\/Ing-Mario-Puente-Raya.png&#8221; module_class=&#8221;item-conferencista&#8221; _builder_version=&#8221;4.21.2&#8243; _module_preset=&#8221;default&#8221; background_color=&#8221;#f5cb46&#8243; custom_padding=&#8221;20px|20px|20px|20px|false|false&#8221; global_colors_info=&#8221;{}&#8221;]<\/p>\n<p><span style=\"color: #000000; font-family: SofiaProRegular; font-size: 1.1em;\">Ingeniero Agr\u00f3nomo, con experiencia en el \u00e1rea de sanidad e inocuidad agroalimentaria, y del sector semillas. <\/span><br \/><span style=\"color: #000000; font-family: SofiaProRegular; font-size: 1.1em;\">Ejerci\u00f3 cargos dentro del Servicio Nacional de Sanidad, Inocuidad y Calidad Agroalimentaria de M\u00e9xico y el Instituto Interamericano de Cooperaci\u00f3n para la Agricultura.<\/span><br \/><span style=\"color: #000000; font-family: SofiaProRegular; font-size: 1.1em;\">Desde hace 10 a\u00f1os trabaja en el sector privado; actualmente desempe\u00f1a los siguientes cargos:<\/span><br \/><span style=\"color: #000000; font-family: SofiaProRegular; font-size: 1.1em;\">1. Director Ejecutivo de la Asociaci\u00f3n Mexicana de Semilleros.<br \/>2. Vicepresidente de Sanidad e Inocuidad Agroalimentaria del Consejo Nacional Agropecuario.<br \/>3. Presidente del Consejo Nacional Consultivo Fitosanitario.<br \/>4. Representante de la industria de M\u00e9xico en la Organizaci\u00f3n Norteamericana de Protecci\u00f3n a las Plantas.<br \/>5. Coordinador del sector privado en el cuarto de junto para el cap\u00edtulo de medidas sanitarias y fitosanitarias de los tratados de libre comercio.<br \/>6. Secretario de la Entidad Mexicana de Acreditaci\u00f3n.<\/span><\/p>\n<div class=\"btn-form-ceach\"><span style=\"border-right: 50px solid #A65217;\" class=\"pico-1\"><\/span><button style=\"background: #A65217;\" class=\"bnt-forma-ceach\">DESCARGAR PRESENTACI\u00d3N<\/button><span style=\"border-left: 50px solid #A65217;\" class=\"pico-2\"><\/span><\/div>\n<p>[\/et_pb_blurb][\/et_pb_column][et_pb_column type=&#8221;1_5&#8243; module_class=&#8221;row-item-section-5&#8243; _builder_version=&#8221;4.21.2&#8243; _module_preset=&#8221;default&#8221; global_colors_info=&#8221;{}&#8221;][\/et_pb_column][\/et_pb_row][et_pb_row column_structure=&#8221;1_5,1_5,1_5,1_5,1_5&#8243; module_id=&#8221;row-section-5&#8243; _builder_version=&#8221;4.21.2&#8243; _module_preset=&#8221;default&#8221; custom_css_main_element=&#8221;width: 100%;||max-width: 80%;||border-bottom: 1px solid black;&#8221; global_colors_info=&#8221;{}&#8221;][et_pb_column type=&#8221;1_5&#8243; module_class=&#8221;row-item-section-5&#8243; _builder_version=&#8221;4.21.2&#8243; _module_preset=&#8221;default&#8221; global_colors_info=&#8221;{}&#8221;][et_pb_blurb title=&#8221;Ing. Sergio Mendoza Vidal&#8221; image=&#8221;https:\/\/ceach.org.mx\/ea2023\/wp-content\/uploads\/2023\/08\/ing-sergio-mendoza.jpg&#8221; image_icon_width=&#8221;60%&#8221; image_icon_width_tablet=&#8221;60%&#8221; image_icon_width_phone=&#8221;100%&#8221; image_icon_width_last_edited=&#8221;on|phone&#8221; module_class=&#8221;item-conferencista&#8221; _builder_version=&#8221;4.21.2&#8243; _module_preset=&#8221;default&#8221; background_color=&#8221;#f5cb46&#8243; custom_padding=&#8221;20px|20px|20px|20px|false|false&#8221; global_colors_info=&#8221;{}&#8221;]<span style=\"color: #000000; font-family: SofiaProRegular; font-size: 1.1em;\">Presidente de Desarrollo Econ\u00f3mico del Estado de Chihuahua, A.C. (Desec) <\/span>[\/et_pb_blurb][\/et_pb_column][et_pb_column type=&#8221;1_5&#8243; module_class=&#8221;row-item-section-5&#8243; _builder_version=&#8221;4.21.2&#8243; _module_preset=&#8221;default&#8221; global_colors_info=&#8221;{}&#8221;][et_pb_blurb title=&#8221;Dr. Juan Jos\u00e9 Figueroa&#8221; image=&#8221;https:\/\/ceach.org.mx\/ea2023\/wp-content\/uploads\/2023\/08\/dr-juan-jose-figueroa-gonzalez-300&#215;228.png&#8221; disabled_on=&#8221;on|on|on&#8221; module_id=&#8221;item-conf-7&#8243; module_class=&#8221;item-conferencista&#8221; _builder_version=&#8221;4.21.2&#8243; _module_preset=&#8221;default&#8221; background_color=&#8221;#f5cb46&#8243; custom_padding=&#8221;20px|20px|20px|20px|false|false&#8221; disabled=&#8221;on&#8221; global_colors_info=&#8221;{}&#8221;]<\/p>\n<p><span style=\"color: #000000; font-family: SofiaProRegular; font-size: 1.1em;\">Experiencia profesional<\/span><br \/><span style=\"color: #000000; font-family: SofiaProRegular; font-size: 1.1em;\">-Desarrollo de harinas compuestas de legumbres-cereales para la<br \/>producci\u00f3n de alimentos con calidad proteica y funcional.<br \/>-Desarrollo de tecnolog\u00edas agroalimentarias a base de frijol.<br \/>-Desarrollo de tecnolog\u00edas agroalimentarias a base de ajo.<br \/>-Desarrollo de tecnolog\u00edas agroalimentarias a base de nopal.<br \/>-Desarrollo de licores de frutas por el m\u00e9todo hidroalcoh\u00f3lico.<br \/>-Aislado y modificaci\u00f3n de prote\u00edna y almid\u00f3n de granos y cereales para<br \/>la mejora de sus propiedades tecnofuncionales.<br \/>-Desarrollo de cubiertas comestibles y su aplicaci\u00f3n en frutas para<br \/>alargar su vida de anaquel.<br \/>-Procesamiento de frutas y hortalizas para generar valor agregado a<br \/>trav\u00e9s del desarrollo de diferentes tecnolog\u00edas de alimentos.<br \/>-Capacidad para el desarrollo de cursos-talleres de tecnolog\u00edas de<br \/>alimentos a productores, t\u00e9cnicos, estudiantes e interesados.<\/span><\/p>\n<div class=\"btn-form-ceach\"><span style=\"border-right: 50px solid #A65217;\" class=\"pico-1\"><\/span><button style=\"background: #A65217;\" class=\"bnt-forma-ceach\">DESCARGAR PRESENTACI\u00d3N<\/button><span style=\"border-left: 50px solid #A65217;\" class=\"pico-2\"><\/span><\/div>\n<p>[\/et_pb_blurb][\/et_pb_column][et_pb_column type=&#8221;1_5&#8243; module_class=&#8221;row-item-section-5&#8243; _builder_version=&#8221;4.21.2&#8243; _module_preset=&#8221;default&#8221; global_colors_info=&#8221;{}&#8221;][et_pb_blurb title=&#8221;Erick Guerrero Rosas&#8221; image=&#8221;https:\/\/ceach.org.mx\/ea2023\/wp-content\/uploads\/2023\/08\/Erick-guerrero-rosas.png&#8221; disabled_on=&#8221;on|on|on&#8221; module_id=&#8221;item-conf-8&#8243; module_class=&#8221;item-conferencista&#8221; _builder_version=&#8221;4.21.2&#8243; _module_preset=&#8221;default&#8221; background_color=&#8221;#f5cb46&#8243; custom_padding=&#8221;20px|20px|20px|20px|false|false&#8221; disabled=&#8221;on&#8221; global_colors_info=&#8221;{}&#8221;]<\/p>\n<p><span style=\"color: #000000; font-family: SofiaProRegular; font-size: 1.1em;\">Es uno de los analistas m\u00e1s acertados y reconocidos del pa\u00eds. Conferencista en foros acad\u00e9micos, pol\u00edticos y empresariales, fue destacado por la revista Asesores como el \u201cAsesor Estrat\u00e9gico del a\u00f1o 2020\u201d y por la revista Forbes como uno de los m\u00e1s influyentes de 2015 a la fecha en Twitter.<\/span><\/p>\n<div class=\"btn-form-ceach\"><span style=\"border-right: 50px solid #A65217;\" class=\"pico-1\"><\/span><button style=\"background: #A65217;\" class=\"bnt-forma-ceach\">DESCARGAR PRESENTACI\u00d3N<\/button><span style=\"border-left: 50px solid #A65217;\" class=\"pico-2\"><\/span><\/div>\n<p>[\/et_pb_blurb][\/et_pb_column][et_pb_column type=&#8221;1_5&#8243; module_class=&#8221;row-item-section-5&#8243; _builder_version=&#8221;4.21.2&#8243; _module_preset=&#8221;default&#8221; global_colors_info=&#8221;{}&#8221;][et_pb_blurb title=&#8221;Ing. Mario Puente Raya&#8221; image=&#8221;https:\/\/ceach.org.mx\/ea2023\/wp-content\/uploads\/2023\/08\/Ing-Mario-Puente-Raya.png&#8221; disabled_on=&#8221;on|on|on&#8221; module_class=&#8221;item-conferencista&#8221; _builder_version=&#8221;4.21.2&#8243; _module_preset=&#8221;default&#8221; background_color=&#8221;#f5cb46&#8243; custom_padding=&#8221;20px|20px|20px|20px|false|false&#8221; disabled=&#8221;on&#8221; global_colors_info=&#8221;{}&#8221;]<\/p>\n<p><span style=\"color: #000000; font-family: SofiaProRegular; font-size: 1.1em;\">Ingeniero Agr\u00f3nomo, con experiencia en el \u00e1rea de sanidad e inocuidad agroalimentaria, y del sector semillas. <\/span><br \/><span style=\"color: #000000; font-family: SofiaProRegular; font-size: 1.1em;\">Ejerci\u00f3 cargos dentro del Servicio Nacional de Sanidad, Inocuidad y Calidad Agroalimentaria de M\u00e9xico y el Instituto Interamericano de Cooperaci\u00f3n para la Agricultura.<\/span><br \/><span style=\"color: #000000; font-family: SofiaProRegular; font-size: 1.1em;\">Desde hace 10 a\u00f1os trabaja en el sector privado; actualmente desempe\u00f1a los siguientes cargos:<\/span><br \/><span style=\"color: #000000; font-family: SofiaProRegular; font-size: 1.1em;\">1. Director Ejecutivo de la Asociaci\u00f3n Mexicana de Semilleros.<br \/>2. Vicepresidente de Sanidad e Inocuidad Agroalimentaria del Consejo Nacional Agropecuario.<br \/>3. Presidente del Consejo Nacional Consultivo Fitosanitario.<br \/>4. Representante de la industria de M\u00e9xico en la Organizaci\u00f3n Norteamericana de Protecci\u00f3n a las Plantas.<br \/>5. Coordinador del sector privado en el cuarto de junto para el cap\u00edtulo de medidas sanitarias y fitosanitarias de los tratados de libre comercio.<br \/>6. Secretario de la Entidad Mexicana de Acreditaci\u00f3n.<\/span><\/p>\n<div class=\"btn-form-ceach\"><span style=\"border-right: 50px solid #A65217;\" class=\"pico-1\"><\/span><button style=\"background: #A65217;\" class=\"bnt-forma-ceach\">DESCARGAR PRESENTACI\u00d3N<\/button><span style=\"border-left: 50px solid #A65217;\" class=\"pico-2\"><\/span><\/div>\n<p>[\/et_pb_blurb][\/et_pb_column][et_pb_column type=&#8221;1_5&#8243; module_class=&#8221;row-item-section-5&#8243; _builder_version=&#8221;4.21.2&#8243; _module_preset=&#8221;default&#8221; global_colors_info=&#8221;{}&#8221;][\/et_pb_column][\/et_pb_row][\/et_pb_section][et_pb_section fb_built=&#8221;1&#8243; _builder_version=&#8221;4.21.2&#8243; _module_preset=&#8221;default&#8221; background_enable_image=&#8221;off&#8221; global_colors_info=&#8221;{}&#8221;][et_pb_row column_structure=&#8221;1_2,1_2&#8243; module_id=&#8221;Hoteles&#8221; _builder_version=&#8221;4.21.2&#8243; _module_preset=&#8221;default&#8221; custom_css_main_element=&#8221;width: 100%;||max-width: 80%;||border-bottom: 1px solid black;&#8221; global_colors_info=&#8221;{}&#8221;][et_pb_column type=&#8221;1_2&#8243; _builder_version=&#8221;4.21.2&#8243; _module_preset=&#8221;default&#8221; global_colors_info=&#8221;{}&#8221;][et_pb_text module_id=&#8221;title-section-6&#8243; _builder_version=&#8221;4.21.2&#8243; _module_preset=&#8221;default&#8221; animation_style=&#8221;slide&#8221; animation_direction=&#8221;left&#8221; global_colors_info=&#8221;{}&#8221;]<\/p>\n<h1><span>HOTELES<\/span><\/h1>\n<p>[\/et_pb_text][\/et_pb_column][et_pb_column type=&#8221;1_2&#8243; _builder_version=&#8221;4.21.2&#8243; _module_preset=&#8221;default&#8221; global_colors_info=&#8221;{}&#8221;][et_pb_image src=&#8221;https:\/\/ceach.org.mx\/ea2023\/wp-content\/uploads\/2023\/08\/flechas-300&#215;123.png&#8221; title_text=&#8221;flechas&#8221; align=&#8221;right&#8221; module_id=&#8221;flechas-hoteles&#8221; _builder_version=&#8221;4.21.2&#8243; _module_preset=&#8221;default&#8221; width=&#8221;140px&#8221; animation_style=&#8221;slide&#8221; animation_direction=&#8221;right&#8221; global_colors_info=&#8221;{}&#8221;][\/et_pb_image][\/et_pb_column][\/et_pb_row][et_pb_row column_structure=&#8221;1_4,1_4,1_4,1_4&#8243; _builder_version=&#8221;4.21.2&#8243; _module_preset=&#8221;default&#8221; custom_margin=&#8221;100px||50px||false|false&#8221; custom_padding=&#8221;||||false|false&#8221; hover_enabled=&#8221;0&#8243; custom_css_main_element=&#8221;width: 100%;||max-width: 80%;&#8221; global_colors_info=&#8221;{}&#8221; sticky_enabled=&#8221;0&#8243;][et_pb_column type=&#8221;1_4&#8243; _builder_version=&#8221;4.21.2&#8243; _module_preset=&#8221;default&#8221; global_colors_info=&#8221;{}&#8221;][et_pb_image src=&#8221;https:\/\/ceach.org.mx\/ea2023\/wp-content\/uploads\/2023\/08\/elementos-11.png&#8221; title_text=&#8221;elementos-11&#8243; module_class=&#8221;btn-hotel-1&#8243; _builder_version=&#8221;4.21.2&#8243; _module_preset=&#8221;default&#8221; animation_style=&#8221;slide&#8221; custom_css_main_element=&#8221;cursor: pointer;&#8221; global_colors_info=&#8221;{}&#8221;][\/et_pb_image][\/et_pb_column][et_pb_column type=&#8221;1_4&#8243; _builder_version=&#8221;4.21.2&#8243; _module_preset=&#8221;default&#8221; global_colors_info=&#8221;{}&#8221;][et_pb_image src=&#8221;https:\/\/ceach.org.mx\/ea2023\/wp-content\/uploads\/2023\/08\/elementos-17.png&#8221; title_text=&#8221;elementos-17&#8243; module_class=&#8221;btn-hotel-2&#8243; _builder_version=&#8221;4.21.2&#8243; _module_preset=&#8221;default&#8221; animation_style=&#8221;slide&#8221; custom_css_main_element=&#8221;cursor: pointer;&#8221; global_colors_info=&#8221;{}&#8221;][\/et_pb_image][\/et_pb_column][et_pb_column type=&#8221;1_4&#8243; _builder_version=&#8221;4.21.2&#8243; _module_preset=&#8221;default&#8221; global_colors_info=&#8221;{}&#8221;][et_pb_image src=&#8221;https:\/\/ceach.org.mx\/ea2023\/wp-content\/uploads\/2023\/08\/elementos-15.png&#8221; title_text=&#8221;elementos-15&#8243; module_class=&#8221;btn-hotel-3&#8243; _builder_version=&#8221;4.21.2&#8243; _module_preset=&#8221;default&#8221; animation_style=&#8221;slide&#8221; custom_css_main_element=&#8221;cursor: pointer;&#8221; global_colors_info=&#8221;{}&#8221;][\/et_pb_image][\/et_pb_column][et_pb_column type=&#8221;1_4&#8243; _builder_version=&#8221;4.21.2&#8243; _module_preset=&#8221;default&#8221; global_colors_info=&#8221;{}&#8221;][et_pb_image src=&#8221;https:\/\/ceach.org.mx\/ea2023\/wp-content\/uploads\/2023\/08\/elementos-16.png&#8221; title_text=&#8221;elementos-16&#8243; module_class=&#8221;btn-hotel-4&#8243; _builder_version=&#8221;4.21.2&#8243; _module_preset=&#8221;default&#8221; animation_style=&#8221;slide&#8221; custom_css_main_element=&#8221;cursor: pointer;&#8221; global_colors_info=&#8221;{}&#8221;][\/et_pb_image][\/et_pb_column][\/et_pb_row][et_pb_row column_structure=&#8221;1_5,1_5,1_5,1_5,1_5&#8243; _builder_version=&#8221;4.21.2&#8243; _module_preset=&#8221;default&#8221; custom_margin=&#8221;50px||100px||false|false&#8221; custom_padding=&#8221;||||false|false&#8221; hover_enabled=&#8221;0&#8243; custom_css_main_element=&#8221;width: 100%;||max-width: 80%;&#8221; global_colors_info=&#8221;{}&#8221; sticky_enabled=&#8221;0&#8243;][et_pb_column type=&#8221;1_5&#8243; _builder_version=&#8221;4.21.2&#8243; _module_preset=&#8221;default&#8221; global_colors_info=&#8221;{}&#8221;][et_pb_image src=&#8221;https:\/\/ceach.org.mx\/ea2023\/wp-content\/uploads\/2023\/08\/elementos-10.png&#8221; title_text=&#8221;elementos-10&#8243; module_class=&#8221;btn-hotel-5&#8243; _builder_version=&#8221;4.21.2&#8243; _module_preset=&#8221;default&#8221; animation_style=&#8221;slide&#8221; custom_css_main_element=&#8221;cursor: pointer;&#8221; global_colors_info=&#8221;{}&#8221;][\/et_pb_image][\/et_pb_column][et_pb_column type=&#8221;1_5&#8243; _builder_version=&#8221;4.21.2&#8243; _module_preset=&#8221;default&#8221; global_colors_info=&#8221;{}&#8221;][et_pb_image src=&#8221;https:\/\/ceach.org.mx\/ea2023\/wp-content\/uploads\/2023\/08\/elementos-12.png&#8221; title_text=&#8221;elementos-12&#8243; module_class=&#8221;btn-hotel-6&#8243; _builder_version=&#8221;4.21.2&#8243; _module_preset=&#8221;default&#8221; animation_style=&#8221;slide&#8221; custom_css_main_element=&#8221;cursor: pointer;&#8221; global_colors_info=&#8221;{}&#8221;][\/et_pb_image][\/et_pb_column][et_pb_column type=&#8221;1_5&#8243; _builder_version=&#8221;4.21.2&#8243; _module_preset=&#8221;default&#8221; global_colors_info=&#8221;{}&#8221;][et_pb_image src=&#8221;https:\/\/ceach.org.mx\/ea2023\/wp-content\/uploads\/2023\/08\/elementos-13.png&#8221; title_text=&#8221;elementos-13&#8243; module_class=&#8221;btn-hotel-7&#8243; _builder_version=&#8221;4.21.2&#8243; _module_preset=&#8221;default&#8221; animation_style=&#8221;slide&#8221; custom_css_main_element=&#8221;cursor: pointer;&#8221; global_colors_info=&#8221;{}&#8221;][\/et_pb_image][\/et_pb_column][et_pb_column type=&#8221;1_5&#8243; _builder_version=&#8221;4.21.2&#8243; _module_preset=&#8221;default&#8221; global_colors_info=&#8221;{}&#8221;][et_pb_image src=&#8221;https:\/\/ceach.org.mx\/ea2023\/wp-content\/uploads\/2023\/08\/elementos-14.png&#8221; title_text=&#8221;elementos-14&#8243; module_class=&#8221;btn-hotel-8&#8243; _builder_version=&#8221;4.21.2&#8243; _module_preset=&#8221;default&#8221; animation_style=&#8221;slide&#8221; custom_css_main_element=&#8221;cursor: pointer;&#8221; global_colors_info=&#8221;{}&#8221;][\/et_pb_image][\/et_pb_column][et_pb_column type=&#8221;1_5&#8243; _builder_version=&#8221;4.21.2&#8243; _module_preset=&#8221;default&#8221; global_colors_info=&#8221;{}&#8221;][et_pb_image src=&#8221;https:\/\/ceach.org.mx\/ea2023\/wp-content\/uploads\/2023\/08\/encore.png&#8221; title_text=&#8221;encore&#8221; module_class=&#8221;btn-hotel-9&#8243; _builder_version=&#8221;4.21.2&#8243; _module_preset=&#8221;default&#8221; animation_style=&#8221;slide&#8221; hover_enabled=&#8221;0&#8243; custom_css_main_element=&#8221;cursor: pointer;&#8221; global_colors_info=&#8221;{}&#8221; sticky_enabled=&#8221;0&#8243;][\/et_pb_image][\/et_pb_column][\/et_pb_row][\/et_pb_section][et_pb_section fb_built=&#8221;1&#8243; module_id=&#8221;Contacto&#8221; _builder_version=&#8221;4.21.2&#8243; _module_preset=&#8221;default&#8221; custom_css_main_element=&#8221;border: 1px solid black;&#8221; global_colors_info=&#8221;{}&#8221;][et_pb_row column_structure=&#8221;1_3,1_3,1_3&#8243; _builder_version=&#8221;4.21.2&#8243; _module_preset=&#8221;default&#8221; animation_style=&#8221;fade&#8221; custom_css_main_element=&#8221;width: 100%;||max-width: 80%;&#8221; global_colors_info=&#8221;{}&#8221;][et_pb_column type=&#8221;1_3&#8243; _builder_version=&#8221;4.21.2&#8243; _module_preset=&#8221;default&#8221; global_colors_info=&#8221;{}&#8221;][et_pb_image src=&#8221;https:\/\/ceach.org.mx\/ea2023\/wp-content\/uploads\/2023\/08\/LOGO-02-300&#215;265.png&#8221; title_text=&#8221;LOGO-02&#8243; _builder_version=&#8221;4.21.2&#8243; _module_preset=&#8221;default&#8221; width=&#8221;170px&#8221; global_colors_info=&#8221;{}&#8221;][\/et_pb_image][et_pb_image src=&#8221;https:\/\/ceach.org.mx\/ea2023\/wp-content\/uploads\/2023\/08\/elementos-25-300&#215;96.png&#8221; title_text=&#8221;elementos-25&#8243; _builder_version=&#8221;4.21.2&#8243; _module_preset=&#8221;default&#8221; global_colors_info=&#8221;{}&#8221;][\/et_pb_image][et_pb_image src=&#8221;https:\/\/ceach.org.mx\/ea2023\/wp-content\/uploads\/2023\/08\/elementos-21.png&#8221; title_text=&#8221;elementos-21&#8243; _builder_version=&#8221;4.21.2&#8243; _module_preset=&#8221;default&#8221; width=&#8221;50px&#8221; global_colors_info=&#8221;{}&#8221;][\/et_pb_image][\/et_pb_column][et_pb_column type=&#8221;1_3&#8243; _builder_version=&#8221;4.21.2&#8243; _module_preset=&#8221;default&#8221; global_colors_info=&#8221;{}&#8221;][et_pb_text _builder_version=&#8221;4.21.2&#8243; _module_preset=&#8221;default&#8221; global_colors_info=&#8221;{}&#8221;]<\/p>\n<h3 style=\"font-family: SofiaProBold; font-size: 1.9em; color: #435937;\">CONT\u00c1CTANOS<\/h3>\n<p>[\/et_pb_text][et_pb_text _builder_version=&#8221;4.21.2&#8243; _module_preset=&#8221;default&#8221; global_colors_info=&#8221;{}&#8221;]<\/p>\n<p style=\"font-family: SofiaProRegular; font-size: 1.6em; color: #435937;\">Direcci\u00f3n:<br \/><span style=\"font-family: SofiaProBold;\">Consejo Estatal Agropecuario<br \/>\n  de Chihuahua.<\/span><br \/>Calle Issis No. 11200, Col. Labor de Terrazas, Chihuahua, Chih.<\/p>\n<p>[\/et_pb_text][et_pb_text _builder_version=&#8221;4.21.2&#8243; _module_preset=&#8221;default&#8221; global_colors_info=&#8221;{}&#8221;]<\/p>\n<p style=\"font-family: SofiaProRegular; font-size: 1.6em; color: #435937;\"><span style=\"font-family: SofiaProBold;\"> Centro de convenciones y exposiciones de Chihuahua<\/span><br \/>Av. Tecnol\u00f3gico No. 1900 Chihuahua, Chih.<\/p>\n<p>[\/et_pb_text][et_pb_text _builder_version=&#8221;4.21.2&#8243; _module_preset=&#8221;default&#8221; global_colors_info=&#8221;{}&#8221;]<\/p>\n<p style=\"font-family: SofiaProRegular; font-size: 1.6em; color: #435937;\"><span style=\"font-family: SofiaProBold;\">Fundaci\u00f3n Produce Chihuahua<\/span><br \/>Carretera Aldama Km. 12+800<\/p>\n<p>[\/et_pb_text][et_pb_code _builder_version=&#8221;4.21.2&#8243; _module_preset=&#8221;default&#8221; custom_margin=&#8221;||17px|||&#8221; global_colors_info=&#8221;{}&#8221;]<a href=\"tel:6144138153\" style=\"font-family: SofiaProRegular; font-size: 1.6em; color: #609631; display: flex; align-items: center;\"><img decoding=\"async\" style=\"width: 50px;\" src=\"https:\/\/ceach.org.mx\/ea2023\/wp-content\/uploads\/2023\/08\/elementos-22.png\">614 413 8153<\/a>[\/et_pb_code][et_pb_code _builder_version=&#8221;4.21.2&#8243; _module_preset=&#8221;default&#8221; global_colors_info=&#8221;{}&#8221;]<a href=\"mailto:info@ceach.org.mx\" style=\"font-family: SofiaProRegular; font-size: 1.6em; color: #609631; display: flex; align-items: center;\"><img decoding=\"async\" style=\"width: 50px;\" src=\"https:\/\/ceach.org.mx\/ea2023\/wp-content\/uploads\/2023\/08\/elementos-23.png\">info@ceach.org.mx<\/a>[\/et_pb_code][\/et_pb_column][et_pb_column type=&#8221;1_3&#8243; _builder_version=&#8221;4.21.2&#8243; _module_preset=&#8221;default&#8221; global_colors_info=&#8221;{}&#8221;][et_pb_text _builder_version=&#8221;4.21.2&#8243; _module_preset=&#8221;default&#8221; global_colors_info=&#8221;{}&#8221;]<\/p>\n<h3 style=\"font-family: SofiaProBold; font-size: 1.9em; color: #435937;\">ESCR\u00cdBENOS PARA MAYORES INFORMES<\/h3>\n<p>[\/et_pb_text][et_pb_contact_form captcha=&#8221;off&#8221; email=&#8221;info@ceach.org.mx&#8221; custom_message=&#8221;Mensaje desde la p\u00e1gina del CEACH 2023, los datos, te los mostramos a continuaci\u00f3n:||et_pb_line_break_holder||||et_pb_line_break_holder||Nombre: %%Name%%||et_pb_line_break_holder||Correo: %%Email%%||et_pb_line_break_holder||Cel: %%Cel%%||et_pb_line_break_holder||Mensaje: %%Message%%&#8221; submit_button_text=&#8221;.&#8221; module_class=&#8221;form-ceach-2023&#8243; _builder_version=&#8221;4.21.2&#8243; _module_preset=&#8221;default&#8221; _unique_id=&#8221;5a560d9e-5be0-44fb-b01a-54fb971d2bfe&#8221; custom_button=&#8221;on&#8221; button_text_size=&#8221;41px&#8221; button_text_color=&#8221;#FFFFFF&#8221; button_bg_color=&#8221;#609631&#8243; button_border_width=&#8221;0px&#8221; button_border_radius=&#8221;50%&#8221; button_use_icon=&#8221;off&#8221; global_colors_info=&#8221;{}&#8221;][et_pb_contact_field field_id=&#8221;Name&#8221; field_title=&#8221;Nombre&#8221; fullwidth_field=&#8221;on&#8221; _builder_version=&#8221;4.21.2&#8243; _module_preset=&#8221;default&#8221; form_field_background_color=&#8221;RGBA(255,255,255,0)&#8221; form_field_text_color=&#8221;#000000&#8243; custom_css_main_element=&#8221;border-bottom: 1px solid black;&#8221; global_colors_info=&#8221;{}&#8221;][\/et_pb_contact_field][et_pb_contact_field field_id=&#8221;Email&#8221; field_title=&#8221;Correo&#8221; field_type=&#8221;email&#8221; fullwidth_field=&#8221;on&#8221; _builder_version=&#8221;4.21.2&#8243; _module_preset=&#8221;default&#8221; form_field_background_color=&#8221;RGBA(255,255,255,0)&#8221; form_field_text_color=&#8221;#000000&#8243; custom_css_main_element=&#8221;border-bottom: 1px solid black;&#8221; global_colors_info=&#8221;{}&#8221;][\/et_pb_contact_field][et_pb_contact_field field_id=&#8221;Cel&#8221; field_title=&#8221;Cel&#8221; allowed_symbols=&#8221;numbers&#8221; required_mark=&#8221;off&#8221; fullwidth_field=&#8221;on&#8221; _builder_version=&#8221;4.21.2&#8243; _module_preset=&#8221;default&#8221; form_field_background_color=&#8221;RGBA(255,255,255,0)&#8221; form_field_text_color=&#8221;#000000&#8243; custom_css_main_element=&#8221;border-bottom: 1px solid black;&#8221; global_colors_info=&#8221;{}&#8221;][\/et_pb_contact_field][et_pb_contact_field field_id=&#8221;Message&#8221; field_title=&#8221;Mensaje&#8221; fullwidth_field=&#8221;on&#8221; _builder_version=&#8221;4.21.2&#8243; _module_preset=&#8221;default&#8221; form_field_background_color=&#8221;RGBA(255,255,255,0)&#8221; form_field_text_color=&#8221;#000000&#8243; custom_css_main_element=&#8221;border-bottom: 1px solid black;&#8221; global_colors_info=&#8221;{}&#8221;][\/et_pb_contact_field][\/et_pb_contact_form][\/et_pb_column][\/et_pb_row][\/et_pb_section][et_pb_section fb_built=&#8221;1&#8243; _builder_version=&#8221;4.21.2&#8243; _module_preset=&#8221;default&#8221; custom_padding=&#8221;10px||10px||false|false&#8221; custom_css_main_element=&#8221;border: 1px solid black;&#8221; global_colors_info=&#8221;{}&#8221;][et_pb_row _builder_version=&#8221;4.21.2&#8243; _module_preset=&#8221;default&#8221; custom_css_main_element=&#8221;width: 100%;||max-width: 80%;&#8221; global_colors_info=&#8221;{}&#8221;][et_pb_column type=&#8221;4_4&#8243; _builder_version=&#8221;4.21.2&#8243; _module_preset=&#8221;default&#8221; global_colors_info=&#8221;{}&#8221;][et_pb_text _builder_version=&#8221;4.21.2&#8243; _module_preset=&#8221;default&#8221; global_colors_info=&#8221;{}&#8221;]<\/p>\n<h3 style=\" font-family: SofiaProRegular; color: black;\">2023. Todos los derechos reservados<\/h3>\n<p>[\/et_pb_text][\/et_pb_column][\/et_pb_row][\/et_pb_section]<\/p>\n","protected":false},"excerpt":{"rendered":"<p>\u00a0 \u00a0 \u00a0 \u00a0 \u00a0 \u00a0 \u00a0 \u00a0 \u00a0 \u00a0 \u00a0 \u00a0 \u00a0 \u00a0 \u00a0 \u00a0 \u00a0 .\u00a0 \u00a0 \u00a0 \u00a0 \u00bfQU\u00c9 ES EXPOAGRO? Es un evento que busca reunir a los principales actores del sector agr\u00edcola, ganadero, agroindustrial y prestadores de servicio, no s\u00f3lo del estado de Chihuahua, sino de la regi\u00f3n norte del [&hellip;]<\/p>\n","protected":false},"author":1,"featured_media":0,"parent":0,"menu_order":0,"comment_status":"closed","ping_status":"closed","template":"","meta":{"_et_pb_use_builder":"on","_et_pb_old_content":"<!-- wp:divi\/placeholder \/-->","_et_gb_content_width":"","footnotes":""},"class_list":["post-8","page","type-page","status-publish","hentry"],"_links":{"self":[{"href":"https:\/\/ceach.org.mx\/ea2023\/wp-json\/wp\/v2\/pages\/8","targetHints":{"allow":["GET"]}}],"collection":[{"href":"https:\/\/ceach.org.mx\/ea2023\/wp-json\/wp\/v2\/pages"}],"about":[{"href":"https:\/\/ceach.org.mx\/ea2023\/wp-json\/wp\/v2\/types\/page"}],"author":[{"embeddable":true,"href":"https:\/\/ceach.org.mx\/ea2023\/wp-json\/wp\/v2\/users\/1"}],"replies":[{"embeddable":true,"href":"https:\/\/ceach.org.mx\/ea2023\/wp-json\/wp\/v2\/comments?post=8"}],"version-history":[{"count":105,"href":"https:\/\/ceach.org.mx\/ea2023\/wp-json\/wp\/v2\/pages\/8\/revisions"}],"predecessor-version":[{"id":294,"href":"https:\/\/ceach.org.mx\/ea2023\/wp-json\/wp\/v2\/pages\/8\/revisions\/294"}],"wp:attachment":[{"href":"https:\/\/ceach.org.mx\/ea2023\/wp-json\/wp\/v2\/media?parent=8"}],"curies":[{"name":"wp","href":"https:\/\/api.w.org\/{rel}","templated":true}]}}